{"id":1671,"date":"2021-08-25T16:08:36","date_gmt":"2021-08-25T14:08:36","guid":{"rendered":"https:\/\/www.nordictransport.org\/etf-itf\/"},"modified":"2024-11-12T16:09:46","modified_gmt":"2024-11-12T14:09:46","slug":"etf-itf","status":"publish","type":"page","link":"https:\/\/www.nordictransport.org\/fi\/etf-itf\/","title":{"rendered":"ETF\/ITF"},"content":{"rendered":"<p>[et_pb_section fb_built=&#8221;1&#8243; fullwidth=&#8221;on&#8221; admin_label=&#8221;Hero Section&#8221; _builder_version=&#8221;4.11.2&#8243; background_color=&#8221;#ffffff&#8221; background_image=&#8221;https:\/\/www.nordictransport.org\/wp-content\/uploads\/2024\/11\/ITF-2024-group-picture.jpg&#8221; background_enable_video_mp4=&#8221;off&#8221; collapsed=&#8221;on&#8221; global_colors_info=&#8221;{}&#8221;][et_pb_fullwidth_header title=&#8221;NTF:n rooli Euroopassa ja maailmanlaajuisesti&#8221; text_orientation=&#8221;center&#8221; header_fullscreen=&#8221;on&#8221; background_overlay_color=&#8221;rgba(0,0,0,0.5)&#8221; title_font_color=&#8221;#ffffff&#8221; subhead_font_color=&#8221;#ffffff&#8221; _builder_version=&#8221;4.11.2&#8243; title_font=&#8221;Nunito||||||||&#8221; title_text_color=&#8221;#ffffff&#8221; title_font_size=&#8221;80px&#8221; content_font=&#8221;||||||||&#8221; subhead_font=&#8221;Open Sans||||||||&#8221; subhead_text_color=&#8221;#ffffff&#8221; subhead_font_size=&#8221;24px&#8221; subhead_line_height=&#8221;1.6em&#8221; background_enable_color=&#8221;off&#8221; background_enable_image=&#8221;off&#8221; background_enable_video_mp4=&#8221;off&#8221; custom_button_one=&#8221;on&#8221; button_one_text_size=&#8221;14px&#8221; button_one_text_color=&#8221;#ffffff&#8221; button_one_bg_color=&#8221;#0099e5&#8243; button_one_border_width=&#8221;12px&#8221; button_one_border_color=&#8221;#0099e5&#8243; button_one_border_radius=&#8221;0px&#8221; button_one_letter_spacing=&#8221;2px&#8221; button_one_font=&#8221;Nunito|700||on|||||&#8221; button_one_use_icon=&#8221;off&#8221; background_layout=&#8221;light&#8221; custom_margin=&#8221;||-1px|||&#8221; animation_style=&#8221;fade&#8221; title_font_size_tablet=&#8221;&#8221; title_font_size_phone=&#8221;48px&#8221; title_font_size_last_edited=&#8221;on|phone&#8221; subhead_font_size_tablet=&#8221;&#8221; subhead_font_size_phone=&#8221;&#8221; subhead_font_size_last_edited=&#8221;on|phone&#8221; button_one_text_color_hover=&#8221;#ffffff&#8221; button_one_border_color_hover=&#8221;#0099e5&#8243; button_one_border_radius_hover=&#8221;0px&#8221; button_one_letter_spacing_hover=&#8221;2px&#8221; button_one_bg_color_hover=&#8221;#0099e5&#8243; global_colors_info=&#8221;{}&#8221; button_one_text_size__hover_enabled=&#8221;off&#8221; button_two_text_size__hover_enabled=&#8221;off&#8221; button_one_text_color__hover_enabled=&#8221;on&#8221; button_one_text_color__hover=&#8221;#ffffff&#8221; button_two_text_color__hover_enabled=&#8221;off&#8221; button_one_border_width__hover_enabled=&#8221;off&#8221; button_two_border_width__hover_enabled=&#8221;off&#8221; button_one_border_color__hover_enabled=&#8221;on&#8221; button_one_border_color__hover=&#8221;#0099e5&#8243; button_two_border_color__hover_enabled=&#8221;off&#8221; button_one_border_radius__hover_enabled=&#8221;on&#8221; button_one_border_radius__hover=&#8221;0px&#8221; button_two_border_radius__hover_enabled=&#8221;off&#8221; button_one_letter_spacing__hover_enabled=&#8221;on&#8221; button_one_letter_spacing__hover=&#8221;2px&#8221; button_two_letter_spacing__hover_enabled=&#8221;off&#8221; button_one_bg_color__hover_enabled=&#8221;on&#8221; button_one_bg_color__hover=&#8221;#0099e5&#8243; button_two_bg_color__hover_enabled=&#8221;off&#8221;][\/et_pb_fullwidth_header][\/et_pb_section][et_pb_section fb_built=&#8221;1&#8243; admin_label=&#8221;Sektion&#8221; _builder_version=&#8221;4.8.2&#8243; _module_preset=&#8221;default&#8221; custom_margin=&#8221;-3px|||||&#8221; custom_padding=&#8221;6px||0px|||&#8221; top_divider_color=&#8221;rgba(0,0,0,0.6)&#8221; top_divider_height=&#8221;40px&#8221; global_colors_info=&#8221;{}&#8221;][et_pb_row _builder_version=&#8221;4.8.2&#8243; _module_preset=&#8221;default&#8221; custom_margin=&#8221;|auto|-6px|auto||&#8221; custom_padding=&#8221;40px|||||&#8221; global_colors_info=&#8221;{}&#8221;][et_pb_column type=&#8221;4_4&#8243; _builder_version=&#8221;4.6.5&#8243; _module_preset=&#8221;default&#8221; global_colors_info=&#8221;{}&#8221;][et_pb_text _builder_version=&#8221;4.11.2&#8243; _module_preset=&#8221;default&#8221; custom_margin=&#8221;||23px|||&#8221; global_colors_info=&#8221;{}&#8221;]<\/p>\n<h2>NTF:n rooli Euroopassa ja maailmanlaajuisesti<\/h2>\n<p>NTF on pohjoismaisten kuljetusalan ty\u00f6ntekij\u00e4liittojen riippumaton yhteisty\u00f6elin eik\u00e4 se ole muodollisesti sidoksissa mihink\u00e4\u00e4n muuhun kansainv\u00e4liseen federaatioon. J\u00e4senj\u00e4rjest\u00f6mme sen sijaan ovat sek\u00e4 ETF:n ett\u00e4 ITF:n j\u00e4seni\u00e4. T\u00e4ll\u00e4 tavoin j\u00e4senemme osallistuvat aktiivisesti kansainv\u00e4liseen ammattiyhdistysty\u00f6h\u00f6n sek\u00e4 maailmanlaajuisesti ett\u00e4 Euroopan tasolla.<\/p>\n<p>Lis\u00e4ksi NTF koordinoi pohjoismaisia nimityksi\u00e4 ETF:n ja ITF:n hallituksiin. NTF:n naisten konferenssi koordinoi pohjoismaisten ehdokkaiden priorisointia ja nimitt\u00e4mist\u00e4 eurooppalaisiin ja kansainv\u00e4lisiin naiskomiteoihin.<\/p>\n<p>[\/et_pb_text][et_pb_divider _builder_version=&#8221;4.8.2&#8243; _module_preset=&#8221;default&#8221; custom_margin=&#8221;||11px|||&#8221; global_colors_info=&#8221;{}&#8221;][\/et_pb_divider][et_pb_text _builder_version=&#8221;4.11.2&#8243; _module_preset=&#8221;default&#8221; global_colors_info=&#8221;{}&#8221;]<\/p>\n<h2>ETF &#8211; Euroopan taso<\/h2>\n<p>Euroopan kuljetusty\u00f6ntekij\u00f6iden liitto (ETF) on yleiseurooppalainen ammattiliitto, johon kuuluu kuljetusalan ammattiliittoja EU:sta, Euroopan talousalueelta sek\u00e4 Keski- ja It\u00e4-Euroopan maista.<\/p>\n<p>ETF perustettiin vuonna 1999, mutta sen juuret sijaitsevat yleiseurooppalaisissa ammattiliitoissa, joiden juuret sen sijaan ulottuvat 60 vuoden taakse. T\u00e4ll\u00e4 hetkell\u00e4 ETF edustaa yli 5 miljoonaa kuljetusalan ty\u00f6ntekij\u00e4\u00e4 yli 200 kuljetusliitosta 41 Euroopan maasta. N\u00e4m\u00e4 ty\u00f6ntekij\u00e4t ty\u00f6skentelev\u00e4t eri kuljetusalan osastoilla maalla, merell\u00e4 ja ilmassa.<\/p>\n<p><strong>ETF:n s\u00e4\u00e4nn\u00f6t<\/strong><\/p>\n<p>ETF toimii oikeudenmukaisen kuljetusalan periaatteen mukaisesti: laadukkaita ty\u00f6paikkoja kuljetusalan ty\u00f6ntekij\u00f6ille ja turvallisia, luotettavia sek\u00e4 hintansa arvoisia palveluja kuluttajille. ETF:n perustuslain mukaisesti p\u00e4\u00e4tarkoituksena on edustaa ty\u00f6ntekij\u00f6iden sosiaalisia ja taloudellisia etuja kuljetusalalla (mukaan lukien logistiikka-ala, kalastus ja matkailu).<\/p>\n<p>Kaikella ty\u00f6ll\u00e4 pyrit\u00e4\u00e4n edist\u00e4m\u00e4\u00e4n yht\u00e4l\u00e4isi\u00e4 mahdollisuuksia sek\u00e4 sukupuoleen, ik\u00e4\u00e4n, etniseen alkuper\u00e4\u00e4n, seksuaaliseen suuntautumiseen, vammaisuuteen tai vakaumukseen perustuvan syrjinn\u00e4n poistamista.<\/p>\n<p>ETF tekee tiivist\u00e4 yhteisty\u00f6t\u00e4 Kansainv\u00e4lisen kuljetusty\u00f6ntekij\u00f6iden liiton (ITF) sek\u00e4 Euroopan ammatillisen yhteisj\u00e4rjest\u00f6n (EAY) kanssa.<\/p>\n<p><a href=\"https:\/\/www.etf-europe.org\/\">https:\/\/www.etf-europe.org\/<\/a><\/p>\n<p>[\/et_pb_text][et_pb_text _builder_version=&#8221;4.9.4&#8243; _module_preset=&#8221;default&#8221; custom_margin=&#8221;||11px|||&#8221; global_colors_info=&#8221;{}&#8221;]<\/p>\n<h4>Pohjoismaiset edustajat ETF:n johdossa<\/h4>\n<p>[\/et_pb_text][et_pb_tabs _builder_version=&#8221;4.11.2&#8243; _module_preset=&#8221;default&#8221; hover_enabled=&#8221;0&#8243; global_colors_info=&#8221;{}&#8221; sticky_enabled=&#8221;0&#8243;][et_pb_tab title=&#8221;ETF:n Management Committee&#8221; _builder_version=&#8221;4.11.2&#8243; _module_preset=&#8221;default&#8221; body_line_height=&#8221;1.5em&#8221; global_colors_info=&#8221;{}&#8221;]<\/p>\n<p><strong>Jan Villadsen <\/strong>(varapuheenjohtaja), 3F Transport, Tanska<\/p>\n<p>[\/et_pb_tab][et_pb_tab title=&#8221;ETF:n Executive Committee&#8221; _builder_version=&#8221;4.11.2&#8243; _module_preset=&#8221;default&#8221; body_line_height=&#8221;1.5em&#8221; hover_enabled=&#8221;0&#8243; global_colors_info=&#8221;{}&#8221; sticky_enabled=&#8221;0&#8243;]<\/p>\n<p><strong>Jan Villadsen<\/strong>, 3F, Tanska<\/p>\n<p><strong>Ismo Kokko<\/strong>, AKT, Suomi<\/p>\n<p><strong>Johan Lindholm<\/strong>, Seko, Ruotsi<\/p>\n<p><strong>Terje Samuelsen<\/strong>, Fellesforbundet, Norja<\/p>\n<p><strong>Tommy Wreeth<\/strong>, Transportarbetaref\u00f6rbundet, Ruotsi<\/p>\n<p><strong>Erina Bryn Kj\u00e6r<\/strong>, Norsk Sj\u00f8mannsforbund, Norja<\/p>\n<p><strong>Astrid K\u00f6nig<\/strong>, Kommunal, Ruotsi<\/p>\n<p>[\/et_pb_tab][\/et_pb_tabs][et_pb_text _builder_version=&#8221;4.11.2&#8243; _module_preset=&#8221;default&#8221; custom_margin=&#8221;||13px|||&#8221; global_colors_info=&#8221;{}&#8221;]<\/p>\n<h4>Pohjoismaiset edustajat ETF:n jaostoissa ja komiteoissa<\/h4>\n<p>[\/et_pb_text][et_pb_tabs _builder_version=&#8221;4.11.2&#8243; _module_preset=&#8221;default&#8221; custom_margin=&#8221;||42px|||&#8221; custom_padding=&#8221;||24px|||&#8221; motion_trigger_start=&#8221;top&#8221; global_colors_info=&#8221;{}&#8221;][et_pb_tab title=&#8221;Civil Aviation&#8221; _builder_version=&#8221;4.11.2&#8243; _module_preset=&#8221;default&#8221; body_line_height=&#8221;1.5em&#8221; global_colors_info=&#8221;{}&#8221;]<\/p>\n<p><strong>Karsten John Kristensen<\/strong> (varapuheejohtaja), 3F, Tanska<\/p>\n<p><strong>Jonas Eriksson<\/strong>, Unionen, Ruotsi<\/p>\n<p><strong>Anneli Nyberg<\/strong>, Parat, Norja<\/p>\n<p><strong>Joint Aircrew Committee:<\/strong><\/p>\n<\/p>\n<p><strong>Sigr\u00ed\u00f0ur \u00c1sa Har\u00f0ard\u00f3ttir<\/strong>, FFI, Islanti<\/p>\n<p>[\/et_pb_tab][et_pb_tab title=&#8221;Dockers&#8221; _builder_version=&#8221;4.11.2&#8243; _module_preset=&#8221;default&#8221; body_line_height=&#8221;1.5em&#8221; global_colors_info=&#8221;{}&#8221;]<\/p>\n<p><strong>Karsten Kristensen<\/strong>, 3F Transport, Tanska<\/p>\n<p>[\/et_pb_tab][et_pb_tab title=&#8221;Road Transport&#8221; _builder_version=&#8221;4.11.2&#8243; _module_preset=&#8221;default&#8221; body_line_height=&#8221;1.5em&#8221; global_colors_info=&#8221;{}&#8221;]<\/p>\n<p><strong>Flemming Overgaard<\/strong>, 3F, Tanska<\/p>\n<p>[\/et_pb_tab][et_pb_tab title=&#8221;Urban Public Transport &#8221; _builder_version=&#8221;4.11.2&#8243; _module_preset=&#8221;default&#8221; body_line_height=&#8221;1.5em&#8221; global_colors_info=&#8221;{}&#8221;]<\/p>\n<p><strong>Astrid K\u00f6nig<\/strong>, Kommunal, Ruotsi<\/p>\n<p>[\/et_pb_tab][et_pb_tab title=&#8221; Maritime Transport&#8221; _builder_version=&#8221;4.11.2&#8243; _module_preset=&#8221;default&#8221; body_line_height=&#8221;1.5em&#8221; global_colors_info=&#8221;{}&#8221;]<\/p>\n<p><strong>Karsten Kristensen<\/strong>, 3F, Tanska<\/p>\n<p>[\/et_pb_tab][et_pb_tab title=&#8221;Railways&#8221; _builder_version=&#8221;4.11.2&#8243; _module_preset=&#8221;default&#8221; body_line_height=&#8221;1.5em&#8221; global_colors_info=&#8221;{}&#8221;]<\/p>\n<p><strong>Audun S\u00f8r-Reime<\/strong>, Norsk Jernbaneforbund, Norja<\/p>\n<p>[\/et_pb_tab][et_pb_tab title=&#8221;Women&#8217;s Steering Committee&#8221; _builder_version=&#8221;4.11.2&#8243; _module_preset=&#8221;default&#8221; body_line_height=&#8221;1.5em&#8221; global_colors_info=&#8221;{}&#8221;]<\/p>\n<p><strong>Astrid K\u00f6nig<\/strong>, Kommunal, Ruotsi<\/p>\n<p><strong>Erina Bryn Kjaer<\/strong>, Norsk Sj\u00f8mannsforbund, Norja<\/p>\n<p>[\/et_pb_tab][et_pb_tab title=&#8221;Youth Steering Committee&#8221; _builder_version=&#8221;4.11.2&#8243; _module_preset=&#8221;default&#8221; global_colors_info=&#8221;{}&#8221;]<\/p>\n<p><strong>Frederik Birkeb\u00e6k Oksholm<\/strong> (Co-Chair), 3F Transport, Tanska<\/p>\n<p>[\/et_pb_tab][\/et_pb_tabs][et_pb_divider _builder_version=&#8221;4.8.2&#8243; _module_preset=&#8221;default&#8221; custom_margin=&#8221;||7px|||&#8221; global_colors_info=&#8221;{}&#8221;][\/et_pb_divider][et_pb_text _builder_version=&#8221;4.8.2&#8243; _module_preset=&#8221;default&#8221; custom_margin=&#8221;14px||17px|||&#8221; custom_padding=&#8221;||0px|||&#8221; global_colors_info=&#8221;{}&#8221;]<\/p>\n<h3>ITF \u2013 maailmanlaajuinen taso<\/h3>\n<p>Kansainv\u00e4list\u00e4 kuljetusty\u00f6ntekij\u00f6iden liittoa (ITF) johtaa noin 700 j\u00e4senj\u00e4rjest\u00f6\u00e4 150 maasta. Ne ovat l\u00e4hes 20 miljoonan ty\u00f6ss\u00e4k\u00e4yv\u00e4n miehen ja naisen \u00e4\u00e4ni maailmassa, ja j\u00e4rjest\u00f6t ty\u00f6skentelev\u00e4t ty\u00f6el\u00e4m\u00e4n oikeuksien, tasa-arvon ja oikeudenmukaisuuden puolesta.<\/p>\n<p>ITF toimii kansainv\u00e4lisesti, ja se harjoittaa merkitt\u00e4v\u00e4\u00e4 neuvottelu- ja lobbaustoimintaa kansainv\u00e4lisiss\u00e4 elimiss\u00e4 ja hallituksissa. ITF:n suuren koon ansiosta j\u00e4rjest\u00f6 voi koordinoida kampanjoita monikansallisia yrityksi\u00e4 ja instituutioita vastaan, joilla on suuret mahdollisuudet saada aikaan muutoksia.<\/p>\n<p><strong>ITF:n s\u00e4\u00e4nn\u00f6t<\/strong><\/p>\n<p>Seuraavat tavoitteet ovat osa ITF:n perustuslakia:<\/p>\n<ul>\n<li>ammattiliittojen ja ihmisoikeuksien maailmanlaajuisen kunnioittamisen edist\u00e4minen<\/li>\n<li>sosiaaliseen oikeudenmukaisuuteen ja taloudelliseen edistykseen pohjautuvan rauhan puolesta ty\u00f6skenteleminen<\/li>\n<li>sidosammattiliittojen auttaminen niiden j\u00e4senten oikeuksien puolustamisessa<\/li>\n<li>tutkimus- ja tietopalveluiden tarjoaminen j\u00e4senorganisaatioille<\/li>\n<li>vaikeuksissa olevien kuljetusalan ty\u00f6ntekij\u00f6iden tukeminen<\/li>\n<\/ul>\n<p><a href=\"https:\/\/www.itfglobal.org\">https:\/\/www.itfglobal.org<\/a><\/p>\n<p>[\/et_pb_text][et_pb_text _builder_version=&#8221;4.8.2&#8243; _module_preset=&#8221;default&#8221; custom_margin=&#8221;||14px|||&#8221; global_colors_info=&#8221;{}&#8221;]<\/p>\n<p>Pohjoismaiset edustajat ITF:n johdossa<\/p>\n<p>[\/et_pb_text][et_pb_tabs _builder_version=&#8221;4.11.2&#8243; _module_preset=&#8221;default&#8221; custom_padding=&#8221;||24px|||&#8221; global_colors_info=&#8221;{}&#8221;][et_pb_tab title=&#8221;ITF Management Committee&#8221; _builder_version=&#8221;4.11.2&#8243; _module_preset=&#8221;default&#8221; body_line_height=&#8221;1em&#8221; global_colors_info=&#8221;{}&#8221;]<\/p>\n<p><strong>Ismo Kokko<\/strong>, AKT, Suomi<\/p>\n<p>[\/et_pb_tab][et_pb_tab title=&#8221;ITF Executive Board&#8221; _builder_version=&#8221;4.11.2&#8243; _module_preset=&#8221;default&#8221; body_line_height=&#8221;1em&#8221; global_colors_info=&#8221;{}&#8221;]<\/p>\n<p><strong>Ismo Kokko<\/strong>, AKT, Suomi<\/p>\n<p><strong>Terje Samuelsen<\/strong>, Fellesforbundet, Norja<\/p>\n<p><strong>Jan Villadsen<\/strong>, 3F Transport, Tanska<\/p>\n<p>Hallitukseen kuuluvat lis\u00e4ksi jaostojen puheenjohtajat.<\/p>\n<p>NTF:ll\u00e4 on hallituksessa my\u00f6s vakituinen tarkkailijapaikka, jota pit\u00e4\u00e4 p\u00e4\u00e4sihteeri <strong>Anu Hietala<\/strong>.<\/p>\n<p>[\/et_pb_tab][\/et_pb_tabs][et_pb_text _builder_version=&#8221;4.11.2&#8243; _module_preset=&#8221;default&#8221; custom_margin=&#8221;||12px|||&#8221; global_colors_info=&#8221;{}&#8221;]<\/p>\n<h4>Pohjoismaiset edustajat ITF:n jaostoissa ja komiteoissa<\/h4>\n<p>[\/et_pb_text][et_pb_tabs _builder_version=&#8221;4.11.2&#8243; _module_preset=&#8221;default&#8221; global_colors_info=&#8221;{}&#8221;][et_pb_tab title=&#8221;Civil Aviation&#8221; _builder_version=&#8221;4.11.2&#8243; _module_preset=&#8221;default&#8221; body_line_height=&#8221;1em&#8221; global_colors_info=&#8221;{}&#8221;]<\/p>\n<p><strong>Karsten John Kristensen<\/strong>, 3F Transport, Tanska<\/p>\n<p><strong>Sissel Vian<\/strong>, Parat, Norja<\/p>\n<p>[\/et_pb_tab][et_pb_tab title=&#8221;Dockers&#8221; _builder_version=&#8221;4.11.2&#8243; _module_preset=&#8221;default&#8221; body_line_height=&#8221;1em&#8221; global_colors_info=&#8221;{}&#8221;]<\/p>\n<p><strong>Karsten Kristensen<\/strong>, 3F Transport, Tanska<\/p>\n<p>[\/et_pb_tab][et_pb_tab title=&#8221;Fisheries&#8221; _builder_version=&#8221;4.11.2&#8243; _module_preset=&#8221;default&#8221; body_line_height=&#8221;1em&#8221; global_colors_info=&#8221;{}&#8221;]<\/p>\n<p><strong>Johnny Hansen<\/strong> (puheenjohtaja), Norsk Sj\u00f8mannsforbund, Norja<\/p>\n<p>[\/et_pb_tab][et_pb_tab title=&#8221;Railways&#8221; _builder_version=&#8221;4.11.2&#8243; _module_preset=&#8221;default&#8221; global_colors_info=&#8221;{}&#8221;]<\/p>\n<p><strong>Audun S\u00f8r-Reime<\/strong>, NJF, Norja<\/p>\n<p>[\/et_pb_tab][et_pb_tab title=&#8221;Road Transport&#8221; _builder_version=&#8221;4.11.2&#8243; _module_preset=&#8221;default&#8221; body_line_height=&#8221;1em&#8221; global_colors_info=&#8221;{}&#8221;]<\/p>\n<p><strong>Flemming Overgaard<\/strong> (puheenjohtaja), 3F, Tanska<\/p>\n<p>[\/et_pb_tab][et_pb_tab title=&#8221;Seafarers&#8221; _builder_version=&#8221;4.11.2&#8243; _module_preset=&#8221;default&#8221; body_line_height=&#8221;1em&#8221; global_colors_info=&#8221;{}&#8221;]<\/p>\n<p><strong>Kenny Reinhold<\/strong>, Seko, Ruotsi<\/p>\n<p>[\/et_pb_tab][et_pb_tab title=&#8221;Urban Transport Committee&#8221; _builder_version=&#8221;4.11.2&#8243; _module_preset=&#8221;default&#8221; global_colors_info=&#8221;{}&#8221;]<\/p>\n<p><strong>Mario Gavran<\/strong>, Kommunal, Ruotsi<\/p>\n<p>[\/et_pb_tab][et_pb_tab title=&#8221;Warehousing, Distribution &amp; Logistics Steering Group&#8221; _builder_version=&#8221;4.11.2&#8243; _module_preset=&#8221;default&#8221; body_line_height=&#8221;1em&#8221; global_colors_info=&#8221;{}&#8221;]<\/p>\n<p><strong>Samra Akhtar<\/strong>,HK, Norja<\/p>\n<p><strong>Ole Christensen<\/strong>, 3F Transport, DTanska<\/p>\n<p><strong>Jari Kudjoi<\/strong>, AKT, Suomi<\/p>\n<p><strong>Magnus Larsson<\/strong>, Transportarbetaref\u00f6rbundet, Ruosti<\/p>\n<p><strong>Terje Samuelsen<\/strong>, Fellesforbundet, Norja<\/p>\n<p>Agreed observer:<br \/><strong>Christer Norfall<\/strong>, NTF<\/p>\n<p>[\/et_pb_tab][et_pb_tab title=&#8221;Women&#8217;s Committee&#8221; _builder_version=&#8221;4.11.2&#8243; _module_preset=&#8221;default&#8221; global_colors_info=&#8221;{}&#8221;]<\/p>\n<p><strong>Cathrine Erts\u00e5s<\/strong>, Fagforbundet, Norja<\/p>\n<p>[\/et_pb_tab][et_pb_tab title=&#8221;Young Transport Workers&#8217; Committee&#8221; _builder_version=&#8221;4.11.2&#8243; _module_preset=&#8221;default&#8221; global_colors_info=&#8221;{}&#8221;]<\/p>\n<p><strong>Rickard N\u00e4slund<\/strong>, Seko, Ruotsi<\/p>\n<p>[\/et_pb_tab][et_pb_tab title=&#8221;Fair Practices Committee Steering Group&#8221; _builder_version=&#8221;4.11.2&#8243; _module_preset=&#8221;default&#8221; global_colors_info=&#8221;{}&#8221;]<\/p>\n<p><strong>Kenneth Bondas<\/strong>, SMU, Suomi<\/p>\n<p><strong>Karsten Kristensen<\/strong>, 3F Transport, Tanska<\/p>\n<p><strong>Kenny Reinhold<\/strong>, Seko, Ruotsi<\/p>\n<p>[\/et_pb_tab][\/et_pb_tabs][\/et_pb_column][\/et_pb_row][\/et_pb_section]<\/p>\n","protected":false},"excerpt":{"rendered":"<p>NTF:n rooli Euroopassa ja maailmanlaajuisesti NTF on pohjoismaisten kuljetusalan ty\u00f6ntekij\u00e4liittojen riippumaton yhteisty\u00f6elin eik\u00e4 se ole muodollisesti sidoksissa mihink\u00e4\u00e4n muuhun kansainv\u00e4liseen federaatioon. J\u00e4senj\u00e4rjest\u00f6mme sen sijaan ovat sek\u00e4 ETF:n ett\u00e4 ITF:n j\u00e4seni\u00e4. T\u00e4ll\u00e4 tavoin j\u00e4senemme osallistuvat aktiivisesti kansainv\u00e4liseen ammattiyhdistysty\u00f6h\u00f6n sek\u00e4 maailmanlaajuisesti ett\u00e4 Euroopan tasolla. Lis\u00e4ksi NTF koordinoi pohjoismaisia nimityksi\u00e4 ETF:n ja ITF:n hallituksiin. NTF:n naisten konferenssi koordinoi [&hellip;]<\/p>\n","protected":false},"author":1,"featured_media":0,"parent":0,"menu_order":3,"comment_status":"closed","ping_status":"closed","template":"","meta":{"_et_pb_use_builder":"on","_et_pb_old_content":"","_et_gb_content_width":""},"_links":{"self":[{"href":"https:\/\/www.nordictransport.org\/fi\/wp-json\/wp\/v2\/pages\/1671"}],"collection":[{"href":"https:\/\/www.nordictransport.org\/fi\/wp-json\/wp\/v2\/pages"}],"about":[{"href":"https:\/\/www.nordictransport.org\/fi\/wp-json\/wp\/v2\/types\/page"}],"author":[{"embeddable":true,"href":"https:\/\/www.nordictransport.org\/fi\/wp-json\/wp\/v2\/users\/1"}],"replies":[{"embeddable":true,"href":"https:\/\/www.nordictransport.org\/fi\/wp-json\/wp\/v2\/comments?post=1671"}],"version-history":[{"count":37,"href":"https:\/\/www.nordictransport.org\/fi\/wp-json\/wp\/v2\/pages\/1671\/revisions"}],"predecessor-version":[{"id":3061,"href":"https:\/\/www.nordictransport.org\/fi\/wp-json\/wp\/v2\/pages\/1671\/revisions\/3061"}],"wp:attachment":[{"href":"https:\/\/www.nordictransport.org\/fi\/wp-json\/wp\/v2\/media?parent=1671"}],"curies":[{"name":"wp","href":"https:\/\/api.w.org\/{rel}","templated":true}]}}