{"id":1734,"date":"2021-08-26T14:20:50","date_gmt":"2021-08-26T12:20:50","guid":{"rendered":"https:\/\/www.nordictransport.org\/etf-itf\/"},"modified":"2024-11-12T16:10:06","modified_gmt":"2024-11-12T14:10:06","slug":"etf-itf","status":"publish","type":"page","link":"https:\/\/www.nordictransport.org\/is\/etf-itf\/","title":{"rendered":"ETF\/ITF"},"content":{"rendered":"<p>[et_pb_section fb_built=&#8220;1&#8243; fullwidth=&#8220;on&#8220; admin_label=&#8220;Hero Section&#8220; _builder_version=&#8220;4.11.2&#8243; background_color=&#8220;#ffffff&#8220; background_image=&#8220;https:\/\/www.nordictransport.org\/wp-content\/uploads\/2024\/11\/ITF-2024-group-picture.jpg&#8220; background_enable_video_mp4=&#8220;off&#8220; collapsed=&#8220;on&#8220; global_colors_info=&#8220;{}&#8220;][et_pb_fullwidth_header title=&#8220;Hlutverk NTF \u00e1 evr\u00f3pskum og al\u00fej\u00f3\u00f0legum vettvangi&#8220; text_orientation=&#8220;center&#8220; header_fullscreen=&#8220;on&#8220; background_overlay_color=&#8220;rgba(0,0,0,0.5)&#8220; title_font_color=&#8220;#ffffff&#8220; subhead_font_color=&#8220;#ffffff&#8220; _builder_version=&#8220;4.11.2&#8243; title_font=&#8220;Nunito||||||||&#8220; title_text_color=&#8220;#ffffff&#8220; title_font_size=&#8220;80px&#8220; content_font=&#8220;||||||||&#8220; subhead_font=&#8220;Open Sans||||||||&#8220; subhead_text_color=&#8220;#ffffff&#8220; subhead_font_size=&#8220;24px&#8220; subhead_line_height=&#8220;1.6em&#8220; background_enable_color=&#8220;off&#8220; background_enable_image=&#8220;off&#8220; background_enable_video_mp4=&#8220;off&#8220; custom_button_one=&#8220;on&#8220; button_one_text_size=&#8220;14px&#8220; button_one_text_color=&#8220;#ffffff&#8220; button_one_bg_color=&#8220;#0099e5&#8243; button_one_border_width=&#8220;12px&#8220; button_one_border_color=&#8220;#0099e5&#8243; button_one_border_radius=&#8220;0px&#8220; button_one_letter_spacing=&#8220;2px&#8220; button_one_font=&#8220;Nunito|700||on|||||&#8220; button_one_use_icon=&#8220;off&#8220; background_layout=&#8220;light&#8220; custom_margin=&#8220;||-1px|||&#8220; animation_style=&#8220;fade&#8220; title_font_size_tablet=&#8220;&#8220; title_font_size_phone=&#8220;48px&#8220; title_font_size_last_edited=&#8220;on|phone&#8220; subhead_font_size_tablet=&#8220;&#8220; subhead_font_size_phone=&#8220;&#8220; subhead_font_size_last_edited=&#8220;on|phone&#8220; button_one_text_color_hover=&#8220;#ffffff&#8220; button_one_border_color_hover=&#8220;#0099e5&#8243; button_one_border_radius_hover=&#8220;0px&#8220; button_one_letter_spacing_hover=&#8220;2px&#8220; button_one_bg_color_hover=&#8220;#0099e5&#8243; global_colors_info=&#8220;{}&#8220; button_one_text_size__hover_enabled=&#8220;off&#8220; button_two_text_size__hover_enabled=&#8220;off&#8220; button_one_text_color__hover_enabled=&#8220;on&#8220; button_one_text_color__hover=&#8220;#ffffff&#8220; button_two_text_color__hover_enabled=&#8220;off&#8220; button_one_border_width__hover_enabled=&#8220;off&#8220; button_two_border_width__hover_enabled=&#8220;off&#8220; button_one_border_color__hover_enabled=&#8220;on&#8220; button_one_border_color__hover=&#8220;#0099e5&#8243; button_two_border_color__hover_enabled=&#8220;off&#8220; button_one_border_radius__hover_enabled=&#8220;on&#8220; button_one_border_radius__hover=&#8220;0px&#8220; button_two_border_radius__hover_enabled=&#8220;off&#8220; button_one_letter_spacing__hover_enabled=&#8220;on&#8220; button_one_letter_spacing__hover=&#8220;2px&#8220; button_two_letter_spacing__hover_enabled=&#8220;off&#8220; button_one_bg_color__hover_enabled=&#8220;on&#8220; button_one_bg_color__hover=&#8220;#0099e5&#8243; button_two_bg_color__hover_enabled=&#8220;off&#8220;][\/et_pb_fullwidth_header][\/et_pb_section][et_pb_section fb_built=&#8220;1&#8243; admin_label=&#8220;Sektion&#8220; _builder_version=&#8220;4.8.2&#8243; _module_preset=&#8220;default&#8220; custom_margin=&#8220;-3px|||||&#8220; custom_padding=&#8220;6px||0px|||&#8220; top_divider_color=&#8220;rgba(0,0,0,0.6)&#8220; top_divider_height=&#8220;40px&#8220; global_colors_info=&#8220;{}&#8220;][et_pb_row _builder_version=&#8220;4.8.2&#8243; _module_preset=&#8220;default&#8220; custom_margin=&#8220;|auto|-6px|auto||&#8220; custom_padding=&#8220;40px|||||&#8220; global_colors_info=&#8220;{}&#8220;][et_pb_column type=&#8220;4_4&#8243; _builder_version=&#8220;4.6.5&#8243; _module_preset=&#8220;default&#8220; global_colors_info=&#8220;{}&#8220;][et_pb_text _builder_version=&#8220;4.11.2&#8243; _module_preset=&#8220;default&#8220; custom_margin=&#8220;||23px|||&#8220; global_colors_info=&#8220;{}&#8220;]<\/p>\n<h2>Hlutverk NTF \u00e1 evr\u00f3pskum og al\u00fej\u00f3\u00f0legum vettvangi<\/h2>\n<p>NTF er sj\u00e1lfst\u00e6\u00f0ur samstarfsvettvangur norr\u00e6nna flutningastarfsmannasambanda og er ekki formlegur a\u00f0ili a\u00f0 neinu \u00f6\u00f0ru al\u00fej\u00f3\u00f0asambandi st\u00e9ttarf\u00e9laga. A\u00f0ildarsamt\u00f6k okkar eru hins vegar a\u00f0ilar a\u00f0 b\u00e6\u00f0i ETF og ITF. \u00deannig taka f\u00e9lagsmenn okkar virkan \u00fe\u00e1tt \u00ed al\u00fej\u00f3\u00f0legu st\u00e9ttarf\u00e9lagsstarfi b\u00e6\u00f0i \u00e1 al\u00fej\u00f3\u00f0legum og evr\u00f3pskum vettvangi.<\/p>\n<p>A\u00f0 auki samr\u00e6mir NTF norr\u00e6nar tilnefningar til stj\u00f3rnar ETF og ITF. Kvennar\u00e1\u00f0stefna NTF samr\u00e6mir forgangsr\u00f6\u00f0un og tilnefningu norr\u00e6nna ums\u00e6kjenda fyrir evr\u00f3psku og al\u00fej\u00f3\u00f0legu kvennanefndina.<\/p>\n<p>[\/et_pb_text][et_pb_divider _builder_version=&#8220;4.8.2&#8243; _module_preset=&#8220;default&#8220; custom_margin=&#8220;||11px|||&#8220; global_colors_info=&#8220;{}&#8220;][\/et_pb_divider][et_pb_text _builder_version=&#8220;4.11.2&#8243; _module_preset=&#8220;default&#8220; global_colors_info=&#8220;{}&#8220;]<\/p>\n<h3>ETF &#8211; Evr\u00f3puvettvangur<\/h3>\n<p>Evr\u00f3pska flutningastarfsmannasambandi\u00f0 (ETF) er samevr\u00f3pskt st\u00e9ttarf\u00e9lag sem n\u00e6r yfir flutningsstarfsmannast\u00e9ttarf\u00e9l\u00f6g fr\u00e1 ESB, Evr\u00f3pska efnahagssv\u00e6\u00f0inu og l\u00f6ndum Mi\u00f0- og Austur-Evr\u00f3pu.<\/p>\n<p>ETF var stofna\u00f0 \u00e1ri\u00f0 1999 en \u00e1 r\u00e6tur s\u00ednar a\u00f0 rekja til evr\u00f3pskra st\u00e9ttarf\u00e9laga sem teygja sig aftur \u00ed 60 \u00e1r. \u00cd dag er ETF fulltr\u00fai fyrir meira en 5 millj\u00f3nir flutningsstarfsmanna fr\u00e1 meira en 200 flutningssambanda \u00ed 41 Evr\u00f3pul\u00f6ndum. \u00deessa starfsmenn er a\u00f0 finna \u00ed \u00f6llum hlutum flutningageirans \u2013 \u00e1 landi, \u00e1 sj\u00f3 og \u00ed lofti.<\/p>\n<p><strong>L\u00f6g ETF<\/strong><\/p>\n<p>ETF vinnur samkv\u00e6mt meginreglum um sanngjarna flutninga: g\u00e6\u00f0ast\u00f6rf fyrir flutningaf\u00f3lk og \u00f6rugga, \u00e1rei\u00f0anlega og hagkv\u00e6ma \u00fej\u00f3nustu fyrir notendur. Eins og segir \u00ed l\u00f6gum ETF er megintilgangurinn a\u00f0 standa undir f\u00e9lagslegum og efnahagslegum hagsmunum laun\u00feega \u00ed flutningum (\u00fe.m.t. v\u00f6rustj\u00f3rnun, fiskvei\u00f0um og fer\u00f0a\u00fej\u00f3nustu).<\/p>\n<p>\u00d6ll starfsemi stu\u00f0lar a\u00f0 j\u00f6fnum t\u00e6kif\u00e6rum og afn\u00e1mi mismununar \u00e1 forsendum kynfer\u00f0is, aldurs, \u00fej\u00f3\u00f0ernisuppruna, kynhneig\u00f0ar, f\u00f6tlunar e\u00f0a tr\u00faar.<\/p>\n<p>ETF vinnur n\u00e1i\u00f0 me\u00f0 Al\u00fej\u00f3\u00f0a flutningaverkamannasambandinu (ITF) og Evr\u00f3pusambandi flutningastarfsmanna (ETUC).<\/p>\n<p><a href=\"https:\/\/www.etf-europe.org\/\">https:\/\/www.etf-europe.org\/<\/a><\/p>\n<p>[\/et_pb_text][et_pb_text _builder_version=&#8220;4.9.4&#8243; _module_preset=&#8220;default&#8220; custom_margin=&#8220;||11px|||&#8220; global_colors_info=&#8220;{}&#8220;]<\/p>\n<h4>Norr\u00e6nir fulltr\u00faar \u00ed stj\u00f3rn ETF<\/h4>\n<p>[\/et_pb_text][et_pb_tabs _builder_version=&#8220;4.11.2&#8243; _module_preset=&#8220;default&#8220; hover_enabled=&#8220;0&#8243; global_colors_info=&#8220;{}&#8220; sticky_enabled=&#8220;0&#8243;][et_pb_tab title=&#8220;ETF Management Committee&#8220; _builder_version=&#8220;4.11.2&#8243; _module_preset=&#8220;default&#8220; body_line_height=&#8220;1.5em&#8220; global_colors_info=&#8220;{}&#8220;]<\/p>\n<p><strong>Jan Villadsen <\/strong>(viceordf\u00f6rande), 3F Transport, Danm\u00f6rk<\/p>\n<p>[\/et_pb_tab][et_pb_tab title=&#8220;ETF Executive Committee&#8220; _builder_version=&#8220;4.11.2&#8243; _module_preset=&#8220;default&#8220; body_line_height=&#8220;1.5em&#8220; hover_enabled=&#8220;0&#8243; global_colors_info=&#8220;{}&#8220; sticky_enabled=&#8220;0&#8243;]<\/p>\n<p><strong>Jan Villadsen<\/strong>, 3F, Danm\u00f6rk<\/p>\n<p><strong>Ismo Kokko<\/strong>, AKT, Finnland<\/p>\n<p><strong>Johan Lindholm<\/strong>, Seko, Sv\u00ed\u00fej\u00f3\u00f0<\/p>\n<p><strong>Terje Samuelsen<\/strong>, Fellesforbundet, Noregur<\/p>\n<p><strong>Tommy Wreeth<\/strong>, Transportarbetaref\u00f6rbundet, Sv\u00ed\u00fej\u00f3\u00f0<\/p>\n<p><strong>Erina Bryn Kj\u00e6r<\/strong>, Norsk Sj\u00f8mannsforbund, Noregur<\/p>\n<p><strong>Astrid K\u00f6nig<\/strong>, Kommunal, Sv\u00ed\u00fej\u00f3\u00f0<\/p>\n<p>[\/et_pb_tab][\/et_pb_tabs][et_pb_text _builder_version=&#8220;4.11.2&#8243; _module_preset=&#8220;default&#8220; custom_margin=&#8220;||13px|||&#8220; global_colors_info=&#8220;{}&#8220;]<\/p>\n<h4>Norr\u00e6nir fulltr\u00faar \u00ed deildum og nefndum ETF<\/h4>\n<p>[\/et_pb_text][et_pb_tabs _builder_version=&#8220;4.11.2&#8243; _module_preset=&#8220;default&#8220; custom_margin=&#8220;||42px|||&#8220; custom_padding=&#8220;||24px|||&#8220; motion_trigger_start=&#8220;top&#8220; global_colors_info=&#8220;{}&#8220;][et_pb_tab title=&#8220;Civil Aviation&#8220; _builder_version=&#8220;4.11.2&#8243; _module_preset=&#8220;default&#8220; body_line_height=&#8220;1.5em&#8220; global_colors_info=&#8220;{}&#8220;]<\/p>\n<p><strong>Karsten John Kristensen<\/strong> (varaforma\u00f0ur), 3F, Danm\u00f6rk<\/p>\n<p><strong>Jonas Eriksson<\/strong>, Unionen, Sv\u00ed\u00fej\u00f3\u00f0<\/p>\n<p><strong>Anneli Nyberg<\/strong>, Parat, Noregur<\/p>\n<p><strong>Joint Aircrew Committee:<\/strong><\/p>\n<p><p><strong>Sigr\u00ed\u00f0ur \u00c1sa Har\u00f0ard\u00f3ttir<\/strong>, FFI, \u00cdsland<\/p>\n<p>[\/et_pb_tab][et_pb_tab title=&#8220;Dockers&#8220; _builder_version=&#8220;4.11.2&#8243; _module_preset=&#8220;default&#8220; body_line_height=&#8220;1.5em&#8220; global_colors_info=&#8220;{}&#8220;]<\/p>\n<p><strong>Karsten Kristensen<\/strong>, 3F Transport, Danm\u00f6rk<\/p>\n<p>[\/et_pb_tab][et_pb_tab title=&#8220;Road Transport&#8220; _builder_version=&#8220;4.11.2&#8243; _module_preset=&#8220;default&#8220; body_line_height=&#8220;1.5em&#8220; global_colors_info=&#8220;{}&#8220;]<\/p>\n<p><strong>Flemming Overgaard<\/strong>, 3F, Danm\u00f6rk<\/p>\n<p>[\/et_pb_tab][et_pb_tab title=&#8220;Urban Public Transport &#8220; _builder_version=&#8220;4.11.2&#8243; _module_preset=&#8220;default&#8220; body_line_height=&#8220;1.5em&#8220; global_colors_info=&#8220;{}&#8220;]<\/p>\n<p><strong>Astrid K\u00f6nig<\/strong>, Kommunal, Sv\u00ed\u00fej\u00f3\u00f0<\/p>\n<p>[\/et_pb_tab][et_pb_tab title=&#8220;Maritime Transport&#8220; _builder_version=&#8220;4.11.2&#8243; _module_preset=&#8220;default&#8220; body_line_height=&#8220;1.5em&#8220; global_colors_info=&#8220;{}&#8220;]<\/p>\n<p><strong>Kenny Reinhold<\/strong> (forma\u00f0ur), Seko, Sv\u00ed\u00fej\u00f3\u00f0<\/p>\n<p><strong>Kenneth Bondas<\/strong>, FSU, Finnland<\/p>\n<p><strong>Line Heimstad<\/strong>, Norsk Sj\u00f8mannsforbund, Noregur<\/p>\n<p><strong>Karsten Kristensen<\/strong>, 3F Transport, Danm\u00f6rk<\/p>\n<p>[\/et_pb_tab][et_pb_tab title=&#8220;Railways&#8220; _builder_version=&#8220;4.11.2&#8243; _module_preset=&#8220;default&#8220; body_line_height=&#8220;1.5em&#8220; global_colors_info=&#8220;{}&#8220;]<\/p>\n<p><strong>Audun S\u00f8r-Reime<\/strong>, NJF, Noregur<\/p>\n<p>[\/et_pb_tab][et_pb_tab title=&#8220;Women&#8217;s Steering Committee&#8220; _builder_version=&#8220;4.11.2&#8243; _module_preset=&#8220;default&#8220; body_line_height=&#8220;1.5em&#8220; global_colors_info=&#8220;{}&#8220;]<\/p>\n<p><strong>Erina Bryn Kjaer<\/strong>,Norsk Sj\u00f8mannsforbund, Noregur<\/p>\n<p><strong>Astrid K\u00f6nig<\/strong>, Kommunal, Sv\u00ed\u00fej\u00f3\u00f0<\/p>\n<p>[\/et_pb_tab][et_pb_tab title=&#8220;Youth Steering Committee&#8220; _builder_version=&#8220;4.11.2&#8243; _module_preset=&#8220;default&#8220; global_colors_info=&#8220;{}&#8220;]<\/p>\n<p><strong>Frederik Birkeb\u00e6k Oksholm<\/strong> (Co-Chair), 3F Transport, Danm\u00f6rk<\/p>\n<p>[\/et_pb_tab][\/et_pb_tabs][et_pb_divider _builder_version=&#8220;4.8.2&#8243; _module_preset=&#8220;default&#8220; custom_margin=&#8220;||7px|||&#8220; global_colors_info=&#8220;{}&#8220;][\/et_pb_divider][et_pb_text _builder_version=&#8220;4.8.2&#8243; _module_preset=&#8220;default&#8220; custom_margin=&#8220;14px||17px|||&#8220; custom_padding=&#8220;||0px|||&#8220; global_colors_info=&#8220;{}&#8220;]<\/p>\n<h3>ITF \u2013 al\u00fej\u00f3\u00f0legur vettvangur<\/h3>\n<p>Al\u00fej\u00f3\u00f0a flutningaverkamannasambandi\u00f0 (ITF) er undir forystu u.\u00fe.b. 700 tengdra a\u00f0ildarsamtaka fr\u00e1 150 l\u00f6ndum. \u00deeir eru r\u00f6dd t\u00e6plega 20 millj\u00f3na vinnandi karla og kvenna um allan heim og vinna a\u00f0 r\u00e9ttindum, jafnr\u00e9tti og r\u00e9ttl\u00e6ti \u00ed atvinnul\u00edfinu.<\/p>\n<p>ITF starfar \u00e1 al\u00fej\u00f3\u00f0av\u00edsu og hefur markvissa samninga- og lobb\u00edistastarfsemi vi\u00f0 al\u00fej\u00f3\u00f0lega a\u00f0ila og stj\u00f3rnv\u00f6ld. St\u00e6r\u00f0 ITF gerir \u00feeim kleift a\u00f0 samr\u00e6ma herfer\u00f0ir gegn fj\u00f6l\u00fej\u00f3\u00f0legum fyrirt\u00e6kjum og stofnunum sem hafa mikla m\u00f6guleika \u00e1 a\u00f0 lei\u00f0a til breytinga.<\/p>\n<p><strong>L\u00f6g ITF <\/strong><\/p>\n<p>Eftirfarandi markmi\u00f0 eru hluti af sam\u00feykktum ITF:<\/p>\n<ul>\n<li>a\u00f0 stu\u00f0la a\u00f0 vir\u00f0ingu fyrir st\u00e9ttarf\u00e9l\u00f6gum og mannr\u00e9ttindum um allan heim<\/li>\n<li>a\u00f0 vinna a\u00f0 fri\u00f0i \u00e1 grundvelli f\u00e9lagslegs r\u00e9ttl\u00e6tis og efnahagslegra framfara<\/li>\n<li>a\u00f0 hj\u00e1lpa a\u00f0ildarst\u00e9ttarf\u00e9l\u00f6gum a\u00f0 verja hagsmuni f\u00e9lagsmanna sinna<\/li>\n<li>a\u00f0 veita ranns\u00f3knar- og uppl\u00fdsinga\u00fej\u00f3nustu til a\u00f0ildarsamtaka<\/li>\n<li>veita almennan stu\u00f0ning vi\u00f0 flutningastarfsmenn \u00ed erfi\u00f0leikum<\/li>\n<\/ul>\n<p><a href=\"https:\/\/www.itfglobal.org\">https:\/\/www.itfglobal.org<\/a><\/p>\n<p>[\/et_pb_text][et_pb_text _builder_version=&#8220;4.8.2&#8243; _module_preset=&#8220;default&#8220; custom_margin=&#8220;||14px|||&#8220; global_colors_info=&#8220;{}&#8220;]<\/p>\n<h4>Norr\u00e6nir fulltr\u00faar \u00ed stj\u00f3rn ITF<\/h4>\n<p>[\/et_pb_text][et_pb_tabs _builder_version=&#8220;4.11.2&#8243; _module_preset=&#8220;default&#8220; custom_padding=&#8220;||24px|||&#8220; global_colors_info=&#8220;{}&#8220;][et_pb_tab title=&#8220;ITF Management Committee&#8220; _builder_version=&#8220;4.11.2&#8243; _module_preset=&#8220;default&#8220; body_line_height=&#8220;1em&#8220; global_colors_info=&#8220;{}&#8220;]<\/p>\n<p><strong>Ismo Kokko<\/strong>, AKT, Finnland<\/p>\n<p>[\/et_pb_tab][et_pb_tab title=&#8220;ITF Executive Board&#8220; _builder_version=&#8220;4.11.2&#8243; _module_preset=&#8220;default&#8220; body_line_height=&#8220;1em&#8220; global_colors_info=&#8220;{}&#8220;]<\/p>\n<p><strong>Ismo Kokko<\/strong>, AKT, Finnland<\/p>\n<p><strong>Tommy Wreeth<\/strong>, Transportarbetaref\u00f6rbundet, Sv\u00ed\u00fej\u00f3\u00f0<\/p>\n<p><strong>Jan Villadsen<\/strong>, 3F Transport, Danm\u00f6rk<\/p>\n<p>\nI styrelsen inniheldur einnig vi\u00f0komandi sektionsordf\u00f6rende.<br \/>\nAgreed observer: <strong>Anu Hietala<\/strong>, NTF[\/et_pb_tab][\/et_pb_tabs][et_pb_text _builder_version=&#8220;4.11.2&#8243; _module_preset=&#8220;default&#8220; custom_margin=&#8220;||12px|||&#8220; global_colors_info=&#8220;{}&#8220;]<\/p>\n<h4>Norr\u00e6nir fulltr\u00faar \u00ed deildum og nefndum ITF<\/h4>\n<p>[\/et_pb_text][et_pb_tabs _builder_version=&#8220;4.11.2&#8243; _module_preset=&#8220;default&#8220; global_colors_info=&#8220;{}&#8220;][et_pb_tab title=&#8220;Civil Aviation&#8220; _builder_version=&#8220;4.11.2&#8243; _module_preset=&#8220;default&#8220; body_line_height=&#8220;1em&#8220; global_colors_info=&#8220;{}&#8220;]<\/p>\n<p><strong>Karsten John Kristensen<\/strong>, 3F Transport, Danm\u00f6rk<\/p>\n<p><strong>Sissel Vian<\/strong>, Parat, Noregur<\/p>\n<p>[\/et_pb_tab][et_pb_tab title=&#8220;Dockers&#8220; _builder_version=&#8220;4.11.2&#8243; _module_preset=&#8220;default&#8220; body_line_height=&#8220;1em&#8220; global_colors_info=&#8220;{}&#8220;]<\/p>\n<p><strong>Karsten Kristensen<\/strong>, 3F Transport, Danm\u00f6rk<\/p>\n<p>[\/et_pb_tab][et_pb_tab title=&#8220;Fisheries&#8220; _builder_version=&#8220;4.11.2&#8243; _module_preset=&#8220;default&#8220; body_line_height=&#8220;1em&#8220; global_colors_info=&#8220;{}&#8220;]<\/p>\n<p><strong>Johnny Hansen<\/strong> (forma\u00f0ur), Norsk Sj\u00f8mannsforbund, Noregur<\/p>\n<p>[\/et_pb_tab][et_pb_tab title=&#8220;Railways&#8220; _builder_version=&#8220;4.11.2&#8243; _module_preset=&#8220;default&#8220; global_colors_info=&#8220;{}&#8220;]<\/p>\n<p><strong>Audun S\u00f8r-Reime<\/strong>, NJF, Noregur<\/p>\n<p>[\/et_pb_tab][et_pb_tab title=&#8220;Road Transport&#8220; _builder_version=&#8220;4.11.2&#8243; _module_preset=&#8220;default&#8220; body_line_height=&#8220;1em&#8220; global_colors_info=&#8220;{}&#8220;]<\/p>\n<p><strong>Flemming Overgaard<\/strong> (forma\u00f0ur), 3F, Danm\u00f6rk<\/p>\n<p>[\/et_pb_tab][et_pb_tab title=&#8220;Seafarers&#8220; _builder_version=&#8220;4.11.2&#8243; _module_preset=&#8220;default&#8220; body_line_height=&#8220;1em&#8220; global_colors_info=&#8220;{}&#8220;]<\/p>\n<p><strong>Kenny Reinhold<\/strong>, Seko, Sv\u00ed\u00fej\u00f3\u00f0<\/p>\n<p>[\/et_pb_tab][et_pb_tab title=&#8220;Urban Transport Committee&#8220; _builder_version=&#8220;4.11.2&#8243; _module_preset=&#8220;default&#8220; global_colors_info=&#8220;{}&#8220;]<\/p>\n<p><strong>Mario Gavran<\/strong>, Kommunal, Sv\u00ed\u00fej\u00f3\u00f0<\/p>\n<p>[\/et_pb_tab][et_pb_tab title=&#8220;Warehousing, Distribution &amp; Logistics Steering Group&#8220; _builder_version=&#8220;4.11.2&#8243; _module_preset=&#8220;default&#8220; body_line_height=&#8220;1em&#8220; global_colors_info=&#8220;{}&#8220;]<\/p>\n<p><strong>Samra Akhtar<\/strong>,HK, Noregur\/p><\/p>\n<p><strong>Ole Christensen<\/strong>, 3F Transport, Danm\u00f6rk<\/p>\n<p><strong>Jari Kudjoi<\/strong>, AKT, Finnland<\/p>\n<p><strong>Magnus Larsson<\/strong>, Transportarbetaref\u00f6rbundet, Sv\u00ed\u00fej\u00f3\u00f0<\/p>\n<p><strong>Terje Samuelsen<\/strong>, Fellesforbundet, Noregur<\/p>\n<p>Agreed observer:<br \/><strong>Christer Norfall<\/strong>, NTF<\/p>\n<p>[\/et_pb_tab][et_pb_tab title=&#8220;Women&#8217;s Committee&#8220; _builder_version=&#8220;4.11.2&#8243; _module_preset=&#8220;default&#8220; global_colors_info=&#8220;{}&#8220;]<\/p>\n<p><strong>Cathrine Erts\u00e5s<\/strong>, Fagforbundet, Noregur<\/p>\n<p>[\/et_pb_tab][et_pb_tab title=&#8220;Young Transport Workers&#8217; Committee&#8220; _builder_version=&#8220;4.11.2&#8243; _module_preset=&#8220;default&#8220; global_colors_info=&#8220;{}&#8220;]<\/p>\n<p><strong>Rickard N\u00e4slund<\/strong>, Seko, Sv\u00ed\u00fej\u00f3\u00f0<\/p>\n<p>[\/et_pb_tab][et_pb_tab title=&#8220;Fair Practices Committee Steering Group&#8220; _builder_version=&#8220;4.11.2&#8243; _module_preset=&#8220;default&#8220; global_colors_info=&#8220;{}&#8220;]<\/p>\n<p><strong>Kenneth Bondas<\/strong>, FSU, Finnland<\/p>\n<p><strong>Karsten Kristensen<\/strong>, 3F Transport, Danm\u00f6rk<\/p>\n<p><strong>Kenny Reinhold<\/strong>, Seko, Sv\u00ed\u00fej\u00f3\u00f0<\/p>\n<p>[\/et_pb_tab][\/et_pb_tabs][\/et_pb_column][\/et_pb_row][\/et_pb_section]<\/p>\n","protected":false},"excerpt":{"rendered":"<p>Hlutverk NTF \u00e1 evr\u00f3pskum og al\u00fej\u00f3\u00f0legum vettvangi NTF er sj\u00e1lfst\u00e6\u00f0ur samstarfsvettvangur norr\u00e6nna flutningastarfsmannasambanda og er ekki formlegur a\u00f0ili a\u00f0 neinu \u00f6\u00f0ru al\u00fej\u00f3\u00f0asambandi st\u00e9ttarf\u00e9laga. A\u00f0ildarsamt\u00f6k okkar eru hins vegar a\u00f0ilar a\u00f0 b\u00e6\u00f0i ETF og ITF. \u00deannig taka f\u00e9lagsmenn okkar virkan \u00fe\u00e1tt \u00ed al\u00fej\u00f3\u00f0legu st\u00e9ttarf\u00e9lagsstarfi b\u00e6\u00f0i \u00e1 al\u00fej\u00f3\u00f0legum og evr\u00f3pskum vettvangi. A\u00f0 auki samr\u00e6mir NTF norr\u00e6nar tilnefningar [&hellip;]<\/p>\n","protected":false},"author":1,"featured_media":0,"parent":0,"menu_order":3,"comment_status":"closed","ping_status":"closed","template":"","meta":{"_et_pb_use_builder":"on","_et_pb_old_content":"","_et_gb_content_width":""},"_links":{"self":[{"href":"https:\/\/www.nordictransport.org\/is\/wp-json\/wp\/v2\/pages\/1734"}],"collection":[{"href":"https:\/\/www.nordictransport.org\/is\/wp-json\/wp\/v2\/pages"}],"about":[{"href":"https:\/\/www.nordictransport.org\/is\/wp-json\/wp\/v2\/types\/page"}],"author":[{"embeddable":true,"href":"https:\/\/www.nordictransport.org\/is\/wp-json\/wp\/v2\/users\/1"}],"replies":[{"embeddable":true,"href":"https:\/\/www.nordictransport.org\/is\/wp-json\/wp\/v2\/comments?post=1734"}],"version-history":[{"count":27,"href":"https:\/\/www.nordictransport.org\/is\/wp-json\/wp\/v2\/pages\/1734\/revisions"}],"predecessor-version":[{"id":3063,"href":"https:\/\/www.nordictransport.org\/is\/wp-json\/wp\/v2\/pages\/1734\/revisions\/3063"}],"wp:attachment":[{"href":"https:\/\/www.nordictransport.org\/is\/wp-json\/wp\/v2\/media?parent=1734"}],"curies":[{"name":"wp","href":"https:\/\/api.w.org\/{rel}","templated":true}]}}